{"id":1814,"date":"2018-03-12T13:30:33","date_gmt":"2018-03-12T13:30:33","guid":{"rendered":"http:\/\/www.uaga.eus\/?page_id=1814"},"modified":"2018-05-03T12:06:17","modified_gmt":"2018-05-03T12:06:17","slug":"jovenes","status":"publish","type":"page","link":"https:\/\/www.uaga.eus\/eu\/servicios\/desarrollo-rural\/jovenes\/","title":{"rendered":"Proyecto de Incorporaci\u00f3n de J\u00d3VENES al sector agrario"},"content":{"rendered":"<p>&nbsp;<\/p>\n<hr \/>\n<p>Si quieres participar en los <strong><span style=\"color: #ff6600;\">equipos de j\u00f3venes de UAGA<\/span> <\/strong>ponte en contacto con nosotros<\/p>\n<p><strong>+ info\u00a0<\/strong> \u00a0 Gustavo\u00a0 \u00a0635 704 865\u00a0 \u00a0 \/\u00a0 \u00a0 Nuria\u00a0 \u00a0 \u00a0 635 704 866<\/p>\n<p><span style=\"color: #ff6600;\"><strong>AN\u00cdMATE y PARTICIPA \u00a1\u00a1\u00a1\u00a1<\/strong><\/span><\/p>\n<p>&nbsp;<\/p>\n<p><img loading=\"lazy\" decoding=\"async\" class=\"alignnone size-medium wp-image-2735\" src=\"https:\/\/www.uaga.eus\/wp-content\/uploads\/2018\/05\/imagen-texto-proyecto-jovenes-300x269.jpg\" alt=\"\" width=\"300\" height=\"269\" srcset=\"https:\/\/www.uaga.eus\/wp-content\/uploads\/2018\/05\/imagen-texto-proyecto-jovenes-300x269.jpg 300w, https:\/\/www.uaga.eus\/wp-content\/uploads\/2018\/05\/imagen-texto-proyecto-jovenes-768x687.jpg 768w, https:\/\/www.uaga.eus\/wp-content\/uploads\/2018\/05\/imagen-texto-proyecto-jovenes-1024x917.jpg 1024w, https:\/\/www.uaga.eus\/wp-content\/uploads\/2018\/05\/imagen-texto-proyecto-jovenes-700x627.jpg 700w, https:\/\/www.uaga.eus\/wp-content\/uploads\/2018\/05\/imagen-texto-proyecto-jovenes-410x367.jpg 410w, https:\/\/www.uaga.eus\/wp-content\/uploads\/2018\/05\/imagen-texto-proyecto-jovenes-100x90.jpg 100w, https:\/\/www.uaga.eus\/wp-content\/uploads\/2018\/05\/imagen-texto-proyecto-jovenes-275x246.jpg 275w\" sizes=\"(max-width: 300px) 100vw, 300px\" \/><\/p>\n<hr \/>\n<p>&nbsp;<\/p>\n<h3><span style=\"color: #ff6600;\"><strong>La incorporaci\u00f3n de j\u00f3venes al sector, una prioridad en UAGA<\/strong><\/span><\/h3>\n<p>Es prioritario para el sector promover el relevo generacional.<\/p>\n<p>Con este objetivo en mente, en UAGA estamos desarrollando un proyecto a medio plazo que iniciamos a finales de 2016 con la jornada <strong><em>Incorporaci\u00f3n de J\u00f3venes al Sector<\/em><\/strong>, que tuvo como objetivo iniciar un proceso participativo en el que compartir distintas experiencias, aprender unos de otros y mantener los contactos necesarios con las distintas administraciones y otros agentes relacionados, para hacer lo m\u00e1s f\u00e1cil posible y tambi\u00e9n viable la incorporaci\u00f3n de nuevas explotaciones al sector agrario alav\u00e9s.<\/p>\n<p>Es esta jornada, en la que <strong>participaron m\u00e1s de 100 personas<\/strong>, iniciamos un debate contando con las experiencias de tres j\u00f3venes que se hab\u00edan incorporado recientemente o estaban en el proceso de incorporaci\u00f3n.<\/p>\n<p>En 2017 participamos en dos <strong>jornadas sobre primera instalaci\u00f3n<\/strong>, en Vitoria-Gasteiz y en Laguardia, organizadas por la Diputaci\u00f3n Foral de \u00c1lava.<\/p>\n<p>Tambi\u00e9n participamos en la <strong>Jornada de J\u00f3venes<\/strong> organizada por el Foro Rural Mundial en la <strong>Conferencia Internacional de V\u00eda Campesina<\/strong> en la que una joven ganadera y un ganadero jubilado compartieron sus experiencias.<\/p>\n<p>En esta Conferencia se presentaron las conclusiones del <strong>Estudio Estatal sobre J\u00f3venes<\/strong> y del <strong>Estudio de J\u00f3venes en Euskadi<\/strong>, que ha realizado el Foro Rural Mundial.<\/p>\n<p>La problem\u00e1tica que detectan ambos estudios es la misma, la falta de relevo, la dificultad del acceso a la tierra, la necesidad de financiaci\u00f3n y la dif\u00edcil viabilidad de las explotaciones.<\/p>\n<p><strong>En 2018 Hemos puesto en marcha dos equipos de j\u00f3venes<\/strong>, compuestos por unas 20 personas cada uno, para empezar a debatir la situaci\u00f3n actual del sector, la necesidad de incorporar j\u00f3venes para garantizar el futuro del mismo y qu\u00e9 papel debe desempe\u00f1ar UAGA para favorecer esta incorporaci\u00f3n, as\u00ed como las administraciones y resto de agentes que tienen que ver con el sector.<\/p>\n<p><img loading=\"lazy\" decoding=\"async\" class=\"alignnone size-medium wp-image-2745\" src=\"https:\/\/www.uaga.eus\/wp-content\/uploads\/2018\/05\/P1040590-300x225.jpg\" alt=\"\" width=\"300\" height=\"225\" srcset=\"https:\/\/www.uaga.eus\/wp-content\/uploads\/2018\/05\/P1040590-300x225.jpg 300w, https:\/\/www.uaga.eus\/wp-content\/uploads\/2018\/05\/P1040590-768x576.jpg 768w, https:\/\/www.uaga.eus\/wp-content\/uploads\/2018\/05\/P1040590.jpg 1024w, https:\/\/www.uaga.eus\/wp-content\/uploads\/2018\/05\/P1040590-700x525.jpg 700w, https:\/\/www.uaga.eus\/wp-content\/uploads\/2018\/05\/P1040590-410x308.jpg 410w, https:\/\/www.uaga.eus\/wp-content\/uploads\/2018\/05\/P1040590-100x75.jpg 100w, https:\/\/www.uaga.eus\/wp-content\/uploads\/2018\/05\/P1040590-275x206.jpg 275w\" sizes=\"(max-width: 300px) 100vw, 300px\" \/><\/p>\n<p><strong>\u00a0<\/strong><\/p>\n<hr \/>\n<p>&nbsp;<\/p>\n<p><span style=\"color: #ff6600;\"><strong>Informe de 2017 del Foro Rural Mundial sobre la situaci\u00f3n de los j\u00f3venes en el Pa\u00eds Vasco<\/strong><\/span><\/p>\n<p><span style=\"color: #ff6600;\"><strong>Propuestas para impulsar la incorporaci\u00f3n de los j\u00f3venes<\/strong><\/span><\/p>\n<p>El Foro Rural Mundial, FRM, del que forma parte UAGA, elabor\u00f3 en 2017 un informe sobre la juventud en el sector agrario del Pa\u00eds Vasco<span style=\"color: #333333;\">,<\/span> concluyendo en la necesidad de avanzar en los siguientes aspectos:<\/p>\n<ul>\n<li>promover el acceso a la tierra, apoyar la retirada de la actividad de personas mayores y la b\u00fasqueda de j\u00f3venes que puedan hacerse cargo de sus explotaciones, avanzar en el derecho preferente en los arrendamientos a j\u00f3venes, y promover un banco de tierras<\/li>\n<li>ofrecer una formaci\u00f3n profesional adaptada y de calidad para los j\u00f3venes<\/li>\n<li>priorizar las ayudas p\u00fablicas a los agricultores activos j\u00f3venes, usando los recursos de la PAC y del Plan de Desarrollo Rural para fomentar el empleo agrario, el relevo generacional y la modernizaci\u00f3n agraria<\/li>\n<li>ofrecer una financiaci\u00f3n espec\u00edfica para j\u00f3venes profesionales<\/li>\n<li>subvencionar los seguros agrarios<\/li>\n<li>reducir la cuota de seguridad social en el r\u00e9gimen especial agrario para j\u00f3venes<\/li>\n<li>fomentar la asociaci\u00f3n entre los j\u00f3venes<\/li>\n<li>dotar a las \u00e1reas rurales de equipamientos y servicios para atraer a los j\u00f3venes y generar vida en el medio rural<\/li>\n<\/ul>\n<p>Puedes consultar el informe completo en el siguiente link<\/p>\n<p><a href=\"https:\/\/www.uaga.eus\/wp-content\/uploads\/2018\/05\/INFORME-juventud_agraria_en_el_pais_vasco.pdf\">INFORME juventud_agraria_en_el_pais_vasco<\/a>.<\/p>\n<hr \/>\n<p>&nbsp;<\/p>\n<p><span style=\"color: #ff6600;\"><strong>EQUIPOS DE JOVENES PARA DEBATIR LA SITUACI\u00d3N DEL SECTOR<\/strong><\/span><\/p>\n<p>En 2018 hemos constituido en UAGA dos equipos de j\u00f3venes, menores de 30 a\u00f1os en su mayor\u00eda, que se reunieron en Ozaeta (17 j\u00f3venes) y en Laguardia (21 j\u00f3venes) para debatir sobre c\u00f3mo ven el sector en la actualidad y c\u00f3mo UAGA puede ayudarles en su proceso de incorporaci\u00f3n.<\/p>\n<p><img loading=\"lazy\" decoding=\"async\" class=\"size-medium wp-image-2743\" src=\"https:\/\/www.uaga.eus\/wp-content\/uploads\/2018\/05\/IMG_20180221_121058-300x225.jpg\" alt=\"\" width=\"300\" height=\"225\" \/><\/p>\n<p>Las conclusiones del debate son las siguientes:<\/p>\n<p><strong>\u00bf C\u00f3mo ves el presente y futuro del sector agrario alav\u00e9s como posibilidad de futuro profesional? \u00bfqu\u00e9 necesit\u00e1is los\/as j\u00f3venes para poder incorporaros al sector?<\/strong><\/p>\n<ul>\n<li>El futuro se ve complicado, hay menos agricultores, pero m\u00e1s grandes. En el caso de Rioja Alavesa hay una monopolizaci\u00f3n de las grandes bodegas<\/li>\n<li>Los pueblos sufren de cierto aislamiento y discriminaci\u00f3n frente a la ciudad<\/li>\n<li>Hay mayor formaci\u00f3n en las nuevas generaciones, esto hay que aprovecharlo<\/li>\n<li>Fomentar que las personas jubiladas arrienden, vendan o cedan sus tierras a j\u00f3venes<\/li>\n<li>En el caso de Rioja Alavesa se propone elaborar un plan de plantaci\u00f3n de vi\u00f1edo dirigido a j\u00f3venes y potenciar el traspaso entre jubilados y personas j\u00f3venes frente a las grandes bodegas<\/li>\n<li>Debemos trabajar en la valoraci\u00f3n del producto y el consumo local, aumentando su valor a\u00f1adido, y concienciar al consumidor empezando por la educaci\u00f3n en las nuevas generaciones<\/li>\n<li>Potenciar el intercambio de productos y maquinaria, creando redes entre los productores<\/li>\n<li>Generar sinergias entre distintos agentes y adaptar la legislaci\u00f3n a las nuevas necesidades del sector<\/li>\n<li>Se propone establecer por ley precios m\u00ednimos y mejorar condiciones en cuanto a ayudas y plazos, estableciendo mejoras fiscales<\/li>\n<li>Potenciar la financiaci\u00f3n para inversiones en peque\u00f1as explotaciones<\/li>\n<li>Potenciar encuentros entre j\u00f3venes para generar el debate sobre su problem\u00e1tica.<\/li>\n<li>Fomentar la incorporaci\u00f3n a cargos de UAGA de personas j\u00f3venes.<\/li>\n<\/ul>\n<p><strong>\u00bfC\u00f3mo os podemos ayudar desde UAGA en vuestro proyecto de incorporaci\u00f3n al sector?<\/strong><\/p>\n<ul>\n<li>Posibilitando la intermediaci\u00f3n con las administraciones para defender una l\u00ednea sindical propia, independiente del color pol\u00edtico de las mismas<\/li>\n<li>Creando una bolsa de j\u00f3venes dentro de UAGA para facilitar el acceso a la tierra y potenciar el relevo de personas jubiladas o pr\u00f3ximas a la jubilaci\u00f3n y j\u00f3venes interesados en instalarse<\/li>\n<li>Realizando un seguimiento en el proceso de incorporaci\u00f3n<\/li>\n<li>Apoyando en la comercializaci\u00f3n de productos y asuntos administrativos<\/li>\n<li>Convocando e implic\u00e1ndose m\u00e1s con el colectivo joven, ofreciendo asesoramiento y precios de servicios rebajados<\/li>\n<li>Fomentado la producci\u00f3n ecol\u00f3gica<\/li>\n<li>Facilitando una mayor uni\u00f3n y comunicaci\u00f3n entre las peque\u00f1as explotaciones<\/li>\n<\/ul>\n<p><strong>\u00a0<\/strong><strong>\u00a0<\/strong><\/p>\n<hr \/>\n<p>&nbsp;<\/p>\n<p><span style=\"color: #ff6600;\"><strong>VISITA DEL EQUIPO DE J\u00d3VENES A UN PROYECTO INNOVADOR<\/strong><\/span><\/p>\n<p>En el grupo de debate de Laguardia surge la idea de hacer visitas a explotaciones agrarias y ganaderas que est\u00e9n haciendo cosas nuevas de las que seguro podemos aprender nuevas formas de hacer o nuevos modelos de negocio.<\/p>\n<p>De esta idea surge la <strong>visita al pueblo Almonacid de la Sierra en Zaragoza y en concreto a la Cooperativa San Nicol\u00e1s de Tolentino<\/strong>, donde unos 50 agricultores, con unas 400 hect\u00e1reas de vi\u00f1edo, han llevado a cabo un proyecto de transformaci\u00f3n de vi\u00f1edo convencional a ecol\u00f3gico, con el apoyo de UAGA-Arag\u00f3n y Bodegas San Valero que compra la uva a la cooperativa.<\/p>\n<p>Durante la visita, que tuvo lugar <strong>en abril de 2018<\/strong> y en la participaron 12 j\u00f3venes, tuvimos la oportunidad de conocer las instalaciones de la cooperativa y hacer una visita al campo para ver algunos de sus procesos como el control de plagas y manejo de suelos.<\/p>\n<p><img loading=\"lazy\" decoding=\"async\" class=\"alignnone size-medium wp-image-2744\" src=\"https:\/\/www.uaga.eus\/wp-content\/uploads\/2018\/05\/IMG_20180419_182255-300x225.jpg\" alt=\"\" width=\"300\" height=\"225\" srcset=\"https:\/\/www.uaga.eus\/wp-content\/uploads\/2018\/05\/IMG_20180419_182255-300x225.jpg 300w, https:\/\/www.uaga.eus\/wp-content\/uploads\/2018\/05\/IMG_20180419_182255-768x576.jpg 768w, https:\/\/www.uaga.eus\/wp-content\/uploads\/2018\/05\/IMG_20180419_182255.jpg 1024w, https:\/\/www.uaga.eus\/wp-content\/uploads\/2018\/05\/IMG_20180419_182255-700x525.jpg 700w, https:\/\/www.uaga.eus\/wp-content\/uploads\/2018\/05\/IMG_20180419_182255-410x308.jpg 410w, https:\/\/www.uaga.eus\/wp-content\/uploads\/2018\/05\/IMG_20180419_182255-100x75.jpg 100w, https:\/\/www.uaga.eus\/wp-content\/uploads\/2018\/05\/IMG_20180419_182255-275x206.jpg 275w\" sizes=\"(max-width: 300px) 100vw, 300px\" \/><\/p>\n<p>&nbsp;<\/p>\n<hr \/>\n<p>&nbsp;<\/p>\n<h3><span style=\"color: #ff6600;\"><strong>ENTREVISTAS a representantes de COAG:<\/strong><\/span><\/h3>\n<p>A las jornadas de debate invitamos a responsables del \u00e1rea de j\u00f3venes de COAG que compartieron con nosotros su experiencia.<\/p>\n<p>Les preguntamos sobre nuestro proyecto y estas fueron sus respuestas.<\/p>\n<p><strong>ARTURO SOCRATES, miembro de la ejecutiva estatal de Juventudes Agrarias de COAG:<\/strong><\/p>\n<ul>\n<li><strong>\u00bfC\u00f3mo es la situaci\u00f3n de los j\u00f3venes en Palencia para su incorporaci\u00f3n al sector agrario?<\/strong><\/li>\n<\/ul>\n<p>COAG Palencia integra alrededor 300 afiliados, en general de edad avanzada.<\/p>\n<p>El \u00e1rea de j\u00f3venes, aunque son s\u00f3lo 33 personas, se mantiene muy activa, proponiendo temas de debate y realizando encuentros en distintos pueblos donde hay alguna persona joven que ejerce de anfitri\u00f3n.<\/p>\n<p>Entre las acciones realizadas est\u00e1 el acuerdo alcanzado con la escuela de formaci\u00f3n agraria de Palencia, cre\u00e1ndose un grupo de agricultores y ganaderos dispuestos a recibir estudiantes en pr\u00e1cticas en sus explotaciones, teniendo ya este a\u00f1o alumnos interesados en dichas pr\u00e1cticas.<\/p>\n<ul>\n<li><strong>\u00bfQu\u00e9 opinas sobre el proyecto iniciado por UAGA para la incorporaci\u00f3n de los j\u00f3venes al sector?<\/strong><\/li>\n<\/ul>\n<p>Le parece que ha sido un inicio interesante para dinamizar a los j\u00f3venes, y ve como positivo que se haya utilizado el apoyo de COAG para el desarrollo de las reuniones porque ha permitido contrastar lo que ocurre en otras zonas y otras uniones, aprendiendo de otras realidades.<\/p>\n<p>En el caso de Palencia una herramienta que ha tenido cierto \u00e9xito ha sido la creaci\u00f3n de un grupo de WhatsApp que integra a todas las personas j\u00f3venes y les permite opinar, debatir y proponer temas para plantear jornadas de su inter\u00e9s.<\/p>\n<p>Tambi\u00e9n cree interesante informar y difundir con m\u00e1s persistencia la actividad de la organizaci\u00f3n exponiendo que no es una gestor\u00eda donde se facilitan tr\u00e1mites administrativos, sino que tiene compromisos sociales y participa en foros de intereses diversos.<\/p>\n<p>&nbsp;<\/p>\n<p><strong>FERDINAND COOKSON, Responsable de j\u00f3venes UAGA-Arag\u00f3n:<\/strong><\/p>\n<ul>\n<li><strong>\u00bfC\u00f3mo es la situaci\u00f3n de los j\u00f3venes en Arag\u00f3n para su incorporaci\u00f3n al sector agrario?<\/strong><\/li>\n<\/ul>\n<p>Arag\u00f3n es un territorio muy grande con una poblaci\u00f3n rural muy dispersa, lo que dificulta la acci\u00f3n sindical. En las reuniones de j\u00f3venes se suelen juntar grupos de quince personas. Se aplica la rotaci\u00f3n en las convocatorias de reuniones, acudiendo cada vez a una comarca diferente.<\/p>\n<p>Tambi\u00e9n organizan un encuentro anual para todo Arag\u00f3n, siendo el cambio clim\u00e1tico y la despoblaci\u00f3n los temas que se tratar\u00e1n este a\u00f1o.<\/p>\n<p>Una medida que ha hecho aumentar la afiliaci\u00f3n de los j\u00f3venes ha sido que la Consejer\u00eda de Agricultura valora con puntos para la percepci\u00f3n de ayudas a la primera instalaci\u00f3n el estar afiliado a una organizaci\u00f3n agraria.<\/p>\n<ul>\n<li><strong>\u00bf Qu\u00e9 opinas sobre el proyecto iniciado por UAGA y la metodolog\u00eda planteada a trav\u00e9s de los grupos de debate?<\/strong><\/li>\n<\/ul>\n<p>Muy bien, es justamente lo que se est\u00e1 buscando en COAG. Piensa que participar es un derecho y un deber de cada joven afiliado, de esta manera se consigue representar y conocer mejor todas las problem\u00e1ticas.<\/p>\n<p>La metodolog\u00eda fant\u00e1stica, llamando personalmente a las personas j\u00f3venes para que participen y observando la experiencia de otras uniones para arrancar.<\/p>\n<p>Crear\u00eda un \u00e1rea de j\u00f3venes en la organizaci\u00f3n y nombrar\u00eda a un responsable sindical con ganas de implicarse. En su caso en UAGA-Arag\u00f3n la persona responsable de j\u00f3venes participa en los \u00f3rganos de gobierno de la Uni\u00f3n, tanto de Ejecutiva como en las Comarcales.<\/p>\n<p>Como \u00faltima aportaci\u00f3n invita a los j\u00f3venes de \u00c1lava a participar en COAG.<\/p>\n<p>&nbsp;<\/p>","protected":false},"excerpt":{"rendered":"<p>&nbsp; Si quieres participar en los equipos de j\u00f3venes de UAGA ponte en contacto con nosotros + info\u00a0 \u00a0 Gustavo\u00a0 \u00a0635 704 865\u00a0 \u00a0 \/\u00a0 \u00a0 Nuria\u00a0 \u00a0 \u00a0 635 704 866 AN\u00cdMATE y PARTICIPA \u00a1\u00a1\u00a1\u00a1 &nbsp; &nbsp; La incorporaci\u00f3n de j\u00f3venes al sector, una prioridad en UAGA Es prioritario para el sector promover el [&hellip;]<\/p>\n","protected":false},"author":1,"featured_media":0,"parent":945,"menu_order":0,"comment_status":"closed","ping_status":"closed","template":"","meta":{"footnotes":""},"yoast_head":"<!-- This site is optimized with the Yoast SEO plugin v21.5 - https:\/\/yoast.com\/wordpress\/plugins\/seo\/ -->\n<title>Proyecto de Incorporaci\u00f3n de J\u00d3VENES al sector agrario - UAGA<\/title>\n<meta name=\"robots\" content=\"index, follow, max-snippet:-1, max-image-preview:large, max-video-preview:-1\" \/>\n<link rel=\"canonical\" href=\"https:\/\/www.uaga.eus\/servicios\/desarrollo-rural\/jovenes\/\" \/>\n<meta property=\"og:locale\" content=\"en_US\" \/>\n<meta property=\"og:type\" content=\"article\" \/>\n<meta property=\"og:title\" content=\"Proyecto de Incorporaci\u00f3n de J\u00d3VENES al sector agrario - UAGA\" \/>\n<meta property=\"og:description\" content=\"&nbsp; Si quieres participar en los equipos de j\u00f3venes de UAGA ponte en contacto con nosotros + info\u00a0 \u00a0 Gustavo\u00a0 \u00a0635 704 865\u00a0 \u00a0 \/\u00a0 \u00a0 Nuria\u00a0 \u00a0 \u00a0 635 704 866 AN\u00cdMATE y PARTICIPA \u00a1\u00a1\u00a1\u00a1 &nbsp; &nbsp; La incorporaci\u00f3n de j\u00f3venes al sector, una prioridad en UAGA Es prioritario para el sector promover el [&hellip;]\" \/>\n<meta property=\"og:url\" content=\"https:\/\/www.uaga.eus\/servicios\/desarrollo-rural\/jovenes\/\" \/>\n<meta property=\"og:site_name\" content=\"UAGA\" \/>\n<meta property=\"article:modified_time\" content=\"2018-05-03T12:06:17+00:00\" \/>\n<meta property=\"og:image\" content=\"https:\/\/www.uaga.eus\/wp-content\/uploads\/2018\/05\/imagen-texto-proyecto-jovenes-300x269.jpg\" \/>\n<meta name=\"twitter:card\" content=\"summary_large_image\" \/>\n<meta name=\"twitter:label1\" content=\"Est. reading time\" \/>\n\t<meta name=\"twitter:data1\" content=\"18 minutua\" \/>\n<script type=\"application\/ld+json\" class=\"yoast-schema-graph\">{\"@context\":\"https:\/\/schema.org\",\"@graph\":[{\"@type\":\"WebPage\",\"@id\":\"https:\/\/www.uaga.eus\/servicios\/desarrollo-rural\/jovenes\/\",\"url\":\"https:\/\/www.uaga.eus\/servicios\/desarrollo-rural\/jovenes\/\",\"name\":\"Proyecto de Incorporaci\u00f3n de J\u00d3VENES al sector agrario - UAGA\",\"isPartOf\":{\"@id\":\"https:\/\/www.uaga.eus\/#website\"},\"datePublished\":\"2018-03-12T13:30:33+00:00\",\"dateModified\":\"2018-05-03T12:06:17+00:00\",\"breadcrumb\":{\"@id\":\"https:\/\/www.uaga.eus\/servicios\/desarrollo-rural\/jovenes\/#breadcrumb\"},\"inLanguage\":\"eu\",\"potentialAction\":[{\"@type\":\"ReadAction\",\"target\":[\"https:\/\/www.uaga.eus\/servicios\/desarrollo-rural\/jovenes\/\"]}]},{\"@type\":\"BreadcrumbList\",\"@id\":\"https:\/\/www.uaga.eus\/servicios\/desarrollo-rural\/jovenes\/#breadcrumb\",\"itemListElement\":[{\"@type\":\"ListItem\",\"position\":1,\"name\":\"Inicio\",\"item\":\"https:\/\/www.uaga.eus\/\"},{\"@type\":\"ListItem\",\"position\":2,\"name\":\"Servicios\",\"item\":\"https:\/\/www.uaga.eus\/servicios\/\"},{\"@type\":\"ListItem\",\"position\":3,\"name\":\"Desarrollo rural\",\"item\":\"https:\/\/www.uaga.eus\/servicios\/desarrollo-rural\/\"},{\"@type\":\"ListItem\",\"position\":4,\"name\":\"Proyecto de Incorporaci\u00f3n de J\u00d3VENES al sector agrario\"}]},{\"@type\":\"WebSite\",\"@id\":\"https:\/\/www.uaga.eus\/#website\",\"url\":\"https:\/\/www.uaga.eus\/\",\"name\":\"UAGA\",\"description\":\"Uni\u00f3n Agroganadera de \u00c1lava - Araba Nekazarien Elkartea\",\"potentialAction\":[{\"@type\":\"SearchAction\",\"target\":{\"@type\":\"EntryPoint\",\"urlTemplate\":\"https:\/\/www.uaga.eus\/?s={search_term_string}\"},\"query-input\":\"required name=search_term_string\"}],\"inLanguage\":\"eu\"}]}<\/script>\n<!-- \/ Yoast SEO plugin. -->","yoast_head_json":{"title":"Proyecto de Incorporaci\u00f3n de J\u00d3VENES al sector agrario - UAGA","robots":{"index":"index","follow":"follow","max-snippet":"max-snippet:-1","max-image-preview":"max-image-preview:large","max-video-preview":"max-video-preview:-1"},"canonical":"https:\/\/www.uaga.eus\/servicios\/desarrollo-rural\/jovenes\/","og_locale":"en_US","og_type":"article","og_title":"Proyecto de Incorporaci\u00f3n de J\u00d3VENES al sector agrario - UAGA","og_description":"&nbsp; Si quieres participar en los equipos de j\u00f3venes de UAGA ponte en contacto con nosotros + info\u00a0 \u00a0 Gustavo\u00a0 \u00a0635 704 865\u00a0 \u00a0 \/\u00a0 \u00a0 Nuria\u00a0 \u00a0 \u00a0 635 704 866 AN\u00cdMATE y PARTICIPA \u00a1\u00a1\u00a1\u00a1 &nbsp; &nbsp; La incorporaci\u00f3n de j\u00f3venes al sector, una prioridad en UAGA Es prioritario para el sector promover el [&hellip;]","og_url":"https:\/\/www.uaga.eus\/servicios\/desarrollo-rural\/jovenes\/","og_site_name":"UAGA","article_modified_time":"2018-05-03T12:06:17+00:00","og_image":[{"url":"https:\/\/www.uaga.eus\/wp-content\/uploads\/2018\/05\/imagen-texto-proyecto-jovenes-300x269.jpg"}],"twitter_card":"summary_large_image","twitter_misc":{"Est. reading time":"18 minutua"},"schema":{"@context":"https:\/\/schema.org","@graph":[{"@type":"WebPage","@id":"https:\/\/www.uaga.eus\/servicios\/desarrollo-rural\/jovenes\/","url":"https:\/\/www.uaga.eus\/servicios\/desarrollo-rural\/jovenes\/","name":"Proyecto de Incorporaci\u00f3n de J\u00d3VENES al sector agrario - UAGA","isPartOf":{"@id":"https:\/\/www.uaga.eus\/#website"},"datePublished":"2018-03-12T13:30:33+00:00","dateModified":"2018-05-03T12:06:17+00:00","breadcrumb":{"@id":"https:\/\/www.uaga.eus\/servicios\/desarrollo-rural\/jovenes\/#breadcrumb"},"inLanguage":"eu","potentialAction":[{"@type":"ReadAction","target":["https:\/\/www.uaga.eus\/servicios\/desarrollo-rural\/jovenes\/"]}]},{"@type":"BreadcrumbList","@id":"https:\/\/www.uaga.eus\/servicios\/desarrollo-rural\/jovenes\/#breadcrumb","itemListElement":[{"@type":"ListItem","position":1,"name":"Inicio","item":"https:\/\/www.uaga.eus\/"},{"@type":"ListItem","position":2,"name":"Servicios","item":"https:\/\/www.uaga.eus\/servicios\/"},{"@type":"ListItem","position":3,"name":"Desarrollo rural","item":"https:\/\/www.uaga.eus\/servicios\/desarrollo-rural\/"},{"@type":"ListItem","position":4,"name":"Proyecto de Incorporaci\u00f3n de J\u00d3VENES al sector agrario"}]},{"@type":"WebSite","@id":"https:\/\/www.uaga.eus\/#website","url":"https:\/\/www.uaga.eus\/","name":"UAGA","description":"Uni\u00f3n Agroganadera de \u00c1lava - Araba Nekazarien Elkartea","potentialAction":[{"@type":"SearchAction","target":{"@type":"EntryPoint","urlTemplate":"https:\/\/www.uaga.eus\/?s={search_term_string}"},"query-input":"required name=search_term_string"}],"inLanguage":"eu"}]}},"_links":{"self":[{"href":"https:\/\/www.uaga.eus\/eu\/wp-json\/wp\/v2\/pages\/1814"}],"collection":[{"href":"https:\/\/www.uaga.eus\/eu\/wp-json\/wp\/v2\/pages"}],"about":[{"href":"https:\/\/www.uaga.eus\/eu\/wp-json\/wp\/v2\/types\/page"}],"author":[{"embeddable":true,"href":"https:\/\/www.uaga.eus\/eu\/wp-json\/wp\/v2\/users\/1"}],"replies":[{"embeddable":true,"href":"https:\/\/www.uaga.eus\/eu\/wp-json\/wp\/v2\/comments?post=1814"}],"version-history":[{"count":17,"href":"https:\/\/www.uaga.eus\/eu\/wp-json\/wp\/v2\/pages\/1814\/revisions"}],"predecessor-version":[{"id":2750,"href":"https:\/\/www.uaga.eus\/eu\/wp-json\/wp\/v2\/pages\/1814\/revisions\/2750"}],"up":[{"embeddable":true,"href":"https:\/\/www.uaga.eus\/eu\/wp-json\/wp\/v2\/pages\/945"}],"wp:attachment":[{"href":"https:\/\/www.uaga.eus\/eu\/wp-json\/wp\/v2\/media?parent=1814"}],"curies":[{"name":"wp","href":"https:\/\/api.w.org\/{rel}","templated":true}]}}